{"id":2658,"date":"2023-06-01T10:37:11","date_gmt":"2023-06-01T08:37:11","guid":{"rendered":"https:\/\/gesamtschule-walsum.de\/?page_id=2658"},"modified":"2023-10-31T10:04:18","modified_gmt":"2023-10-31T09:04:18","slug":"erasmus","status":"publish","type":"page","link":"https:\/\/gesamtschule-walsum.de\/?page_id=2658","title":{"rendered":"Erasmus+"},"content":{"rendered":"<p style=\"text-align: left;\"><span style=\"font-size: 18pt;\"><strong>Erasmus+ an der GeWa\u00a0<\/strong><\/span><\/p>\n<p>&nbsp;<\/p>\n<p><strong>Unsere bisherigen Projekte:<\/strong><\/p>\n<table style=\"height: 54px; width: 100%; border-collapse: collapse; border-style: solid;\">\n<tbody>\n<tr style=\"height: 27px;\">\n<td style=\"width: 100%; height: 27px; text-align: center;\"><strong>GeWa goes Erasmus &#8211; T\u00fcrkiye\ud83c\uddf9\ud83c\uddf7\u00a0<\/strong><\/td>\n<\/tr>\n<tr style=\"height: 27px;\">\n<td style=\"width: 100%; height: 27px;\"><img loading=\"lazy\" decoding=\"async\" class=\"aligncenter wp-image-3032 size-thumbnail\" src=\"http:\/\/gesamtschule-walsum.de\/wp-content\/uploads\/2023\/10\/IMG-20231025-WA0008-150x150.jpg\" alt=\"\" width=\"150\" height=\"150\" \/><\/p>\n<p>Unser Projektteam \u201eEmpower Empathy &#8211; Unite &#8211; Cooperate\u201c ist diese Woche zusammen mit unseren portugiesischen Partnern in Mersin um sich \u00fcber neue Konzepte zur Integration von gefl\u00fcchteten Kindern auszutauschen.<\/p>\n<p>Wir bedanken uns bei unseren t\u00fcrkischen Partnern f\u00fcr die Gastfreundschaft &#8211; Te\u015fekk\u00fcr ederiz \u2764\ufe0f<\/p>\n<p><div id='gallery-1' class='gallery galleryid-2658 gallery-columns-3 gallery-size-thumbnail'><figure class='gallery-item'>\n\t\t\t<div class='gallery-icon landscape'>\n\t\t\t\t<a href='https:\/\/gesamtschule-walsum.de\/wp-content\/uploads\/2023\/10\/IMG-20231025-WA0003.jpg'><img loading=\"lazy\" decoding=\"async\" width=\"150\" height=\"150\" src=\"https:\/\/gesamtschule-walsum.de\/wp-content\/uploads\/2023\/10\/IMG-20231025-WA0003-150x150.jpg\" class=\"attachment-thumbnail size-thumbnail\" alt=\"\" \/><\/a>\n\t\t\t<\/div><\/figure><figure class='gallery-item'>\n\t\t\t<div class='gallery-icon landscape'>\n\t\t\t\t<a href='https:\/\/gesamtschule-walsum.de\/wp-content\/uploads\/2023\/10\/IMG-20231025-WA0004.jpg'><img loading=\"lazy\" decoding=\"async\" width=\"150\" height=\"150\" src=\"https:\/\/gesamtschule-walsum.de\/wp-content\/uploads\/2023\/10\/IMG-20231025-WA0004-150x150.jpg\" class=\"attachment-thumbnail size-thumbnail\" alt=\"\" \/><\/a>\n\t\t\t<\/div><\/figure><figure class='gallery-item'>\n\t\t\t<div class='gallery-icon landscape'>\n\t\t\t\t<a href='https:\/\/gesamtschule-walsum.de\/wp-content\/uploads\/2023\/10\/IMG-20231025-WA0006.jpg'><img loading=\"lazy\" decoding=\"async\" width=\"150\" height=\"150\" src=\"https:\/\/gesamtschule-walsum.de\/wp-content\/uploads\/2023\/10\/IMG-20231025-WA0006-150x150.jpg\" class=\"attachment-thumbnail size-thumbnail\" alt=\"\" \/><\/a>\n\t\t\t<\/div><\/figure><figure class='gallery-item'>\n\t\t\t<div class='gallery-icon landscape'>\n\t\t\t\t<a href='https:\/\/gesamtschule-walsum.de\/wp-content\/uploads\/2023\/10\/IMG-20231025-WA0007.jpg'><img loading=\"lazy\" decoding=\"async\" width=\"150\" height=\"150\" src=\"https:\/\/gesamtschule-walsum.de\/wp-content\/uploads\/2023\/10\/IMG-20231025-WA0007-150x150.jpg\" class=\"attachment-thumbnail size-thumbnail\" alt=\"\" \/><\/a>\n\t\t\t<\/div><\/figure><figure class='gallery-item'>\n\t\t\t<div class='gallery-icon portrait'>\n\t\t\t\t<a href='https:\/\/gesamtschule-walsum.de\/wp-content\/uploads\/2023\/10\/IMG-20231025-WA0005.jpg'><img loading=\"lazy\" decoding=\"async\" width=\"150\" height=\"150\" src=\"https:\/\/gesamtschule-walsum.de\/wp-content\/uploads\/2023\/10\/IMG-20231025-WA0005-150x150.jpg\" class=\"attachment-thumbnail size-thumbnail\" alt=\"\" \/><\/a>\n\t\t\t<\/div><\/figure><figure class='gallery-item'>\n\t\t\t<div class='gallery-icon portrait'>\n\t\t\t\t<a href='https:\/\/gesamtschule-walsum.de\/wp-content\/uploads\/2023\/10\/IMG-20231025-WA0008.jpg'><img loading=\"lazy\" decoding=\"async\" width=\"150\" height=\"150\" src=\"https:\/\/gesamtschule-walsum.de\/wp-content\/uploads\/2023\/10\/IMG-20231025-WA0008-150x150.jpg\" class=\"attachment-thumbnail size-thumbnail\" alt=\"\" \/><\/a>\n\t\t\t<\/div><\/figure>\n\t\t<\/div>\n<\/td>\n<\/tr>\n<\/tbody>\n<\/table>\n<p>&nbsp;<\/p>\n<table style=\"width: 100%; border-collapse: collapse; border-style: solid;\">\n<tbody>\n<tr>\n<td style=\"width: 100%; text-align: center;\"><strong>GeWa goes Portugal: \u201eEmpower Empathy &#8211; Unite &#8211; Cooperate\u201c<\/strong><\/td>\n<\/tr>\n<tr>\n<td style=\"width: 100%;\">Im Rahmen unseres Erasmusprojektes \u201eEmpower Empathy &#8211; Unite &#8211; Cooperate\u201c besuchen wir diese Woche unsere Partnerschule in Montijo in Portugal um uns \u00fcber digital tools und die Arbeit mit Gefl\u00fcchteten auszutauschen.<\/p>\n<p><a href=\"http:\/\/gesamtschule-walsum.de\/wp-content\/uploads\/2023\/04\/IMG-20230427-WA0000.jpg\"><img loading=\"lazy\" decoding=\"async\" class=\"aligncenter wp-image-2640 size-large\" src=\"http:\/\/gesamtschule-walsum.de\/wp-content\/uploads\/2023\/04\/IMG-20230427-WA0000-1024x607.jpg\" alt=\"\" width=\"690\" height=\"409\" srcset=\"https:\/\/gesamtschule-walsum.de\/wp-content\/uploads\/2023\/04\/IMG-20230427-WA0000-1024x607.jpg 1024w, https:\/\/gesamtschule-walsum.de\/wp-content\/uploads\/2023\/04\/IMG-20230427-WA0000-300x178.jpg 300w, https:\/\/gesamtschule-walsum.de\/wp-content\/uploads\/2023\/04\/IMG-20230427-WA0000-768x455.jpg 768w, https:\/\/gesamtschule-walsum.de\/wp-content\/uploads\/2023\/04\/IMG-20230427-WA0000-1536x910.jpg 1536w, https:\/\/gesamtschule-walsum.de\/wp-content\/uploads\/2023\/04\/IMG-20230427-WA0000-253x150.jpg 253w, https:\/\/gesamtschule-walsum.de\/wp-content\/uploads\/2023\/04\/IMG-20230427-WA0000.jpg 1600w\" sizes=\"auto, (max-width: 690px) 100vw, 690px\" \/><\/a><\/td>\n<\/tr>\n<\/tbody>\n<\/table>\n<p>&nbsp;<\/p>\n<table style=\"width: 100%; border-collapse: collapse; border-style: solid;\">\n<tbody>\n<tr>\n<td style=\"width: 100%; text-align: center;\"><strong>Internationaler Besuch an der GeWa<\/strong><\/td>\n<\/tr>\n<tr>\n<td style=\"width: 100%;\">Diese Woche begr\u00fc\u00dfen wir unsere Erasmuspartner aus der T\u00fcrkei \ud83c\uddf9\ud83c\uddf7\u00a0und Portugal \ud83c\uddf5\ud83c\uddf9\u00a0um an unserem Projekt \u201eEmpower Empathy &#8211; Unite &#8211; Corporate\u201c gemeinsam zu arbeiten.<\/p>\n<p>Herzlich willkommen &#8211; Ho\u015f geldin &#8211; Bem-Vendome \u2764\ufe0f<\/p>\n<p><a href=\"http:\/\/gesamtschule-walsum.de\/wp-content\/uploads\/2023\/02\/IMG-20230227-WA0000.jpg\"><img loading=\"lazy\" decoding=\"async\" class=\"alignleft size-large wp-image-2627\" src=\"http:\/\/gesamtschule-walsum.de\/wp-content\/uploads\/2023\/02\/IMG-20230227-WA0000-1024x768.jpg\" alt=\"\" width=\"690\" height=\"518\" srcset=\"https:\/\/gesamtschule-walsum.de\/wp-content\/uploads\/2023\/02\/IMG-20230227-WA0000-1024x768.jpg 1024w, https:\/\/gesamtschule-walsum.de\/wp-content\/uploads\/2023\/02\/IMG-20230227-WA0000-300x225.jpg 300w, https:\/\/gesamtschule-walsum.de\/wp-content\/uploads\/2023\/02\/IMG-20230227-WA0000-768x576.jpg 768w, https:\/\/gesamtschule-walsum.de\/wp-content\/uploads\/2023\/02\/IMG-20230227-WA0000-1536x1152.jpg 1536w, https:\/\/gesamtschule-walsum.de\/wp-content\/uploads\/2023\/02\/IMG-20230227-WA0000-200x150.jpg 200w, https:\/\/gesamtschule-walsum.de\/wp-content\/uploads\/2023\/02\/IMG-20230227-WA0000.jpg 2048w\" sizes=\"auto, (max-width: 690px) 100vw, 690px\" \/><\/a><\/td>\n<\/tr>\n<\/tbody>\n<\/table>\n<p>&nbsp;<\/p>\n<table style=\"width: 100%; border-collapse: collapse; border-style: solid;\">\n<tbody>\n<tr>\n<td style=\"width: 100%; text-align: center;\"><strong>Well nutrition for the future &#8211; M\u00e4rz 2022<\/strong><\/td>\n<\/tr>\n<tr>\n<td style=\"width: 100%;\">Im Rahmen unseres Erasmusprojektes \u201eWell nutrition for the future\u201c hie\u00df es im M\u00e4rz \u201eAbflug\u201c f\u00fcr drei Sch\u00fclerinnen der 7. Klasse. Unser Ziel war diesmal Teneriffa in Spanien. Zusammen mit unseren Partnern aus Polen, Griechenland, der T\u00fcrkei und nat\u00fcrlich Spanien, tauschten wir uns \u00fcber gesunde Ern\u00e4hrung aus und lernten die typisch spanische K\u00fcche kennen. Aber es blieben vor allem die Erinnerung an Sonne, Strand und Meer und an all die fantastischen Menschen aus vier anderen L\u00e4ndern, die wir kennenlernen durften.<\/p>\n<p><div id='gallery-2' class='gallery galleryid-2658 gallery-columns-3 gallery-size-thumbnail'><figure class='gallery-item'>\n\t\t\t<div class='gallery-icon landscape'>\n\t\t\t\t<a href='https:\/\/gesamtschule-walsum.de\/wp-content\/uploads\/2022\/03\/IMG-20220322-WA0008.jpg'><img loading=\"lazy\" decoding=\"async\" width=\"150\" height=\"150\" src=\"https:\/\/gesamtschule-walsum.de\/wp-content\/uploads\/2022\/03\/IMG-20220322-WA0008-150x150.jpg\" class=\"attachment-thumbnail size-thumbnail\" alt=\"\" aria-describedby=\"gallery-2-2130\" \/><\/a>\n\t\t\t<\/div>\n\t\t\t\t<figcaption class='wp-caption-text gallery-caption' id='gallery-2-2130'>\n\t\t\t\tAnna, Melissa und Pia am Vulkan Teide auf Teneriffa\n\t\t\t\t<\/figcaption><\/figure><figure class='gallery-item'>\n\t\t\t<div class='gallery-icon landscape'>\n\t\t\t\t<a href='https:\/\/gesamtschule-walsum.de\/wp-content\/uploads\/2022\/03\/IMG-20220322-WA0009.jpg'><img loading=\"lazy\" decoding=\"async\" width=\"150\" height=\"150\" src=\"https:\/\/gesamtschule-walsum.de\/wp-content\/uploads\/2022\/03\/IMG-20220322-WA0009-150x150.jpg\" class=\"attachment-thumbnail size-thumbnail\" alt=\"\" aria-describedby=\"gallery-2-2131\" \/><\/a>\n\t\t\t<\/div>\n\t\t\t\t<figcaption class='wp-caption-text gallery-caption' id='gallery-2-2131'>\n\t\t\t\tUnsere Partner aus Griechenland, Spanien, der T\u00fcrkei und Polen\n\t\t\t\t<\/figcaption><\/figure><figure class='gallery-item'>\n\t\t\t<div class='gallery-icon landscape'>\n\t\t\t\t<a href='https:\/\/gesamtschule-walsum.de\/wp-content\/uploads\/2022\/03\/IMG-20220322-WA0010.jpg'><img loading=\"lazy\" decoding=\"async\" width=\"150\" height=\"150\" src=\"https:\/\/gesamtschule-walsum.de\/wp-content\/uploads\/2022\/03\/IMG-20220322-WA0010-150x150.jpg\" class=\"attachment-thumbnail size-thumbnail\" alt=\"\" aria-describedby=\"gallery-2-2132\" \/><\/a>\n\t\t\t<\/div>\n\t\t\t\t<figcaption class='wp-caption-text gallery-caption' id='gallery-2-2132'>\n\t\t\t\tUnsere Partner aus Griechenland, Spanien, der T\u00fcrkei und Polen\n\t\t\t\t<\/figcaption><\/figure><figure class='gallery-item'>\n\t\t\t<div class='gallery-icon landscape'>\n\t\t\t\t<a href='https:\/\/gesamtschule-walsum.de\/wp-content\/uploads\/2022\/03\/IMG-20220322-WA0005.jpg'><img loading=\"lazy\" decoding=\"async\" width=\"150\" height=\"150\" src=\"https:\/\/gesamtschule-walsum.de\/wp-content\/uploads\/2022\/03\/IMG-20220322-WA0005-150x150.jpg\" class=\"attachment-thumbnail size-thumbnail\" alt=\"\" aria-describedby=\"gallery-2-2133\" \/><\/a>\n\t\t\t<\/div>\n\t\t\t\t<figcaption class='wp-caption-text gallery-caption' id='gallery-2-2133'>\n\t\t\t\tEine Palme darf nicht fehlen\n\t\t\t\t<\/figcaption><\/figure><figure class='gallery-item'>\n\t\t\t<div class='gallery-icon landscape'>\n\t\t\t\t<a href='https:\/\/gesamtschule-walsum.de\/wp-content\/uploads\/2022\/03\/IMG-20220322-WA0006.jpg'><img loading=\"lazy\" decoding=\"async\" width=\"150\" height=\"150\" src=\"https:\/\/gesamtschule-walsum.de\/wp-content\/uploads\/2022\/03\/IMG-20220322-WA0006-150x150.jpg\" class=\"attachment-thumbnail size-thumbnail\" alt=\"\" aria-describedby=\"gallery-2-2134\" \/><\/a>\n\t\t\t<\/div>\n\t\t\t\t<figcaption class='wp-caption-text gallery-caption' id='gallery-2-2134'>\n\t\t\t\tLernen \u00fcber Anbau in den EcoGardens\n\t\t\t\t<\/figcaption><\/figure><figure class='gallery-item'>\n\t\t\t<div class='gallery-icon landscape'>\n\t\t\t\t<a href='https:\/\/gesamtschule-walsum.de\/wp-content\/uploads\/2022\/03\/IMG-20220322-WA0007.jpg'><img loading=\"lazy\" decoding=\"async\" width=\"150\" height=\"150\" src=\"https:\/\/gesamtschule-walsum.de\/wp-content\/uploads\/2022\/03\/IMG-20220322-WA0007-150x150.jpg\" class=\"attachment-thumbnail size-thumbnail\" alt=\"\" aria-describedby=\"gallery-2-2135\" \/><\/a>\n\t\t\t<\/div>\n\t\t\t\t<figcaption class='wp-caption-text gallery-caption' id='gallery-2-2135'>\n\t\t\t\tLernen \u00fcber Anbau in den EcoGardens\n\t\t\t\t<\/figcaption><\/figure><figure class='gallery-item'>\n\t\t\t<div class='gallery-icon landscape'>\n\t\t\t\t<a href='https:\/\/gesamtschule-walsum.de\/wp-content\/uploads\/2022\/03\/IMG-20220322-WA0004.jpg'><img loading=\"lazy\" decoding=\"async\" width=\"150\" height=\"150\" src=\"https:\/\/gesamtschule-walsum.de\/wp-content\/uploads\/2022\/03\/IMG-20220322-WA0004-150x150.jpg\" class=\"attachment-thumbnail size-thumbnail\" alt=\"\" aria-describedby=\"gallery-2-2137\" \/><\/a>\n\t\t\t<\/div>\n\t\t\t\t<figcaption class='wp-caption-text gallery-caption' id='gallery-2-2137'>\n\t\t\t\tAna, Pia und Melissa stellen typisch deutsches Gem\u00fcse vor\n\t\t\t\t<\/figcaption><\/figure><figure class='gallery-item'>\n\t\t\t<div class='gallery-icon portrait'>\n\t\t\t\t<a href='https:\/\/gesamtschule-walsum.de\/wp-content\/uploads\/2022\/03\/IMG-20220322-WA0002.jpg'><img loading=\"lazy\" decoding=\"async\" width=\"150\" height=\"150\" src=\"https:\/\/gesamtschule-walsum.de\/wp-content\/uploads\/2022\/03\/IMG-20220322-WA0002-150x150.jpg\" class=\"attachment-thumbnail size-thumbnail\" alt=\"\" aria-describedby=\"gallery-2-2136\" \/><\/a>\n\t\t\t<\/div>\n\t\t\t\t<figcaption class='wp-caption-text gallery-caption' id='gallery-2-2136'>\n\t\t\t\tWillkommensgeschenke in der spanischen Partnerschule\n\t\t\t\t<\/figcaption><\/figure>\n\t\t<\/div>\n<\/td>\n<\/tr>\n<\/tbody>\n<\/table>\n","protected":false},"excerpt":{"rendered":"<p>Erasmus+ an der GeWa\u00a0 &nbsp; Unsere bisherigen Projekte: GeWa goes Erasmus &#8211; T\u00fcrkiye\ud83c\uddf9\ud83c\uddf7\u00a0 Unser Projektteam \u201eEmpower Empathy &#8211; Unite &#8211; Cooperate\u201c ist diese Woche zusammen mit unseren portugiesischen Partnern in <a class=\"more-link\" href=\"https:\/\/gesamtschule-walsum.de\/?page_id=2658\">&#8230; weiterlesen<\/a><\/p>\n","protected":false},"author":1,"featured_media":0,"parent":111,"menu_order":4,"comment_status":"closed","ping_status":"closed","template":"","meta":{"footnotes":""},"class_list":["post-2658","page","type-page","status-publish","hentry"],"_links":{"self":[{"href":"https:\/\/gesamtschule-walsum.de\/index.php?rest_route=\/wp\/v2\/pages\/2658","targetHints":{"allow":["GET"]}}],"collection":[{"href":"https:\/\/gesamtschule-walsum.de\/index.php?rest_route=\/wp\/v2\/pages"}],"about":[{"href":"https:\/\/gesamtschule-walsum.de\/index.php?rest_route=\/wp\/v2\/types\/page"}],"author":[{"embeddable":true,"href":"https:\/\/gesamtschule-walsum.de\/index.php?rest_route=\/wp\/v2\/users\/1"}],"replies":[{"embeddable":true,"href":"https:\/\/gesamtschule-walsum.de\/index.php?rest_route=%2Fwp%2Fv2%2Fcomments&post=2658"}],"version-history":[{"count":11,"href":"https:\/\/gesamtschule-walsum.de\/index.php?rest_route=\/wp\/v2\/pages\/2658\/revisions"}],"predecessor-version":[{"id":3044,"href":"https:\/\/gesamtschule-walsum.de\/index.php?rest_route=\/wp\/v2\/pages\/2658\/revisions\/3044"}],"up":[{"embeddable":true,"href":"https:\/\/gesamtschule-walsum.de\/index.php?rest_route=\/wp\/v2\/pages\/111"}],"wp:attachment":[{"href":"https:\/\/gesamtschule-walsum.de\/index.php?rest_route=%2Fwp%2Fv2%2Fmedia&parent=2658"}],"curies":[{"name":"wp","href":"https:\/\/api.w.org\/{rel}","templated":true}]}}